{"id":775,"date":"2024-08-14T09:27:57","date_gmt":"2024-08-14T09:27:57","guid":{"rendered":"https:\/\/bitzone.pt\/sienna\/?page_id=775"},"modified":"2024-11-04T10:45:06","modified_gmt":"2024-11-04T10:45:06","slug":"regiao","status":"publish","type":"page","link":"https:\/\/siennahotel.pt\/en\/regiao\/","title":{"rendered":"REGION"},"content":{"rendered":"<div id=\"packages\" class=\"wp-block-uagb-container uagb-block-c812174c alignfull uagb-is-root-container\"><div class=\"uagb-container-inner-blocks-wrap\"><div class=\"wp-block-uagb-advanced-heading uagb-block-4ed8ce88\"><h2 class=\"uagb-heading-text\">A Connection with Nature and History<\/h2><\/div>\n\n<div class=\"wp-block-uagb-advanced-heading uagb-block-6a35eeac\"><h6 class=\"uagb-heading-text\">Situated near the majestic Serra dos Candeeiros, the SIENNA Hotel is a perfect refuge for nature lovers. The limestone formations and stunning views provide an ideal setting for hiking and moments of contemplation, where you can enjoy the splendid walking trails. At the foot of the Serra dos Candeeiros, you\u2019ll find the Salt Pans of Rio Maior, a historical treasure where you can appreciate traditional artisanal salt production and explore a unique heritage that dates back centuries. Furthermore, just a few minutes away, you can discover the wonderful beaches of the west coast, known for their natural beauty, serene environment, and perfect conditions for water sports enthusiasts.<\/h6><\/div><\/div><\/div><div class=\"wp-block-uagb-slider uagb-block-469d16e5 uagb-slider-container\"><div class=\"uagb-slides uagb-swiper\"><div class=\"swiper-wrapper\"><div class=\"wp-block-uagb-slider-child uagb-slider-child-wrap swiper-slide uagb-block-99478596\"><div class=\"swiper-content\"><div class=\"wp-block-uagb-info-box uagb-block-082099dc uagb-infobox__content-wrap  uagb-infobox-icon-above-title uagb-infobox-image-valign-top\"><div class=\"uagb-ifb-content\"><div class=\"uagb-ifb-image-content\"><img decoding=\"async\" src=\"https:\/\/bitzone.pt\/sienna\/wp-content\/uploads\/2024\/08\/1-78-1.jpg\" alt=\"\" width=\"\" height=\"0\" loading=\"lazy\"\/><\/div><div class=\"uagb-ifb-title-wrap\"><h3 class=\"uagb-ifb-title\"><a href=\"https:\/\/www.vagamundos.pt\/melhores-praias-do-oeste-portugal\/\">Best Beaches in Western Portugal: what to see and do and where to stay - VagaMundos<\/a><\/h3><\/div><div class=\"uagb-ifb-button-wrapper wp-block-button\"><a href=\"https:\/\/www.avesdeportugal.info\/sitaire\/\" class=\"uagb-infobox-cta-link wp-block-button__link\" target=\"_blank\" rel=\"noopener noreferrer\" onclick=\"return true;\"><span class=\"uagb-inline-editing\">See more<\/span><\/a><\/div><\/div><\/div>\n\n<div class=\"wp-block-uagb-container uagb-block-6c829c4e alignfull uagb-is-root-container\"><div class=\"uagb-container-inner-blocks-wrap\"><\/div><\/div><\/div><\/div>\n\n<div class=\"wp-block-uagb-slider-child uagb-slider-child-wrap swiper-slide uagb-block-56f546ec\"><div class=\"swiper-content\"><div class=\"wp-block-uagb-info-box uagb-block-54b20766 uagb-infobox__content-wrap  uagb-infobox-icon-above-title uagb-infobox-image-valign-top\"><div class=\"uagb-ifb-content\"><div class=\"uagb-ifb-image-content\"><img decoding=\"async\" src=\"https:\/\/bitzone.pt\/sienna\/wp-content\/uploads\/2024\/08\/Grutas-de-Mira-de-Aire.jpg\" alt=\"\" width=\"\" height=\"0\" loading=\"lazy\"\/><\/div><div class=\"uagb-ifb-title-wrap\"><h3 class=\"uagb-ifb-title\"><a href=\"https:\/\/turismodocentro.pt\/artigo\/parque-natural-das-serras-de-aire-e-candeeiros-uma-joia-natural\/\">Serras de Aire e Candeeiros Natural Park - Turismo Centro Portugal (turismodocentro.pt)<\/a><\/h3><\/div><div class=\"uagb-ifb-button-wrapper wp-block-button\"><a href=\"https:\/\/turismodocentro.pt\/artigo\/parque-natural-das-serras-de-aire-e-candeeiros-uma-joia-natural\/\" class=\"uagb-infobox-cta-link wp-block-button__link\" target=\"_blank\" rel=\"noopener noreferrer\" onclick=\"return true;\"><span class=\"uagb-inline-editing\">SEE MORE<\/span><\/a><\/div><\/div><\/div>\n\n<div class=\"wp-block-uagb-container uagb-block-1670fb39 alignfull uagb-is-root-container\"><div class=\"uagb-container-inner-blocks-wrap\"><\/div><\/div><\/div><\/div>\n\n<div class=\"wp-block-uagb-slider-child uagb-slider-child-wrap swiper-slide uagb-block-8f6d0204\"><div class=\"swiper-content\"><div class=\"wp-block-uagb-container uagb-block-0616c765 alignfull uagb-is-root-container\"><div class=\"uagb-container-inner-blocks-wrap\"><div class=\"wp-block-uagb-info-box uagb-block-1729bed9 uagb-infobox__content-wrap  uagb-infobox-icon-above-title uagb-infobox-image-valign-top\"><div class=\"uagb-ifb-content\"><div class=\"uagb-ifb-image-content\"><img decoding=\"async\" src=\"https:\/\/bitzone.pt\/sienna\/wp-content\/uploads\/2024\/08\/ecomuseu_rio_maior_1649419615f354f174c89e.jpg\" alt=\"\" width=\"\" height=\"0\" loading=\"lazy\"\/><\/div><div class=\"uagb-ifb-title-wrap\"><h3 class=\"uagb-ifb-title\"><a href=\"https:\/\/www.visitribatejo.pt\/fr\/catalogue\/que-faire\/musees-et-lieux-a-visiter\/ecomuseu-salinas-de-rio-maior\/\">Ecomuseum Salinas de Rio Maior - Visit Ribatejo<\/a><\/h3><\/div><p class=\"uagb-ifb-desc\"><a href=\"https:\/\/www.visitribatejo.pt\/fr\/catalogue\/que-faire\/musees-et-lieux-a-visiter\/ecomuseu-salinas-de-rio-maior\/\">Ecomuseum Salinas de Rio Maior - Visit Ribatejo<\/a><\/p><div class=\"uagb-ifb-button-wrapper wp-block-button\"><a href=\"https:\/\/www.visitribatejo.pt\/pt\/catalogo\/o-que-fazer\/museus-e-monumentos\/ecomuseu-salinas-de-rio-maior\/\" class=\"uagb-infobox-cta-link wp-block-button__link\" target=\"_blank\" rel=\"noopener noreferrer\" onclick=\"return true;\"><span class=\"uagb-inline-editing\">See more<\/span><\/a><\/div><\/div><\/div><\/div><\/div><\/div><\/div>\n\n<div class=\"wp-block-uagb-slider-child uagb-slider-child-wrap swiper-slide uagb-block-c26d437a\"><div class=\"swiper-content\"><div class=\"wp-block-uagb-info-box uagb-block-d820efbc uagb-infobox__content-wrap  uagb-infobox-icon-above-title uagb-infobox-image-valign-top\"><div class=\"uagb-ifb-content\"><div class=\"uagb-ifb-image-content\"><img decoding=\"async\" src=\"https:\/\/bitzone.pt\/sienna\/wp-content\/uploads\/2024\/08\/Serra-de-Aire-1.jpg\" alt=\"\" width=\"\" height=\"0\" loading=\"lazy\"\/><\/div><div class=\"uagb-ifb-title-wrap\"><h3 class=\"uagb-ifb-title\"><a href=\"https:\/\/www.avesdeportugal.info\/sitaire\/\">Serra de Aire - Birds of Portugal<\/a><\/h3><\/div><div class=\"uagb-ifb-button-wrapper wp-block-button\"><a href=\"https:\/\/www.avesdeportugal.info\/sitaire\/\" class=\"uagb-infobox-cta-link wp-block-button__link\" target=\"_blank\" rel=\"noopener noreferrer\" onclick=\"return true;\"><span class=\"uagb-inline-editing\">Read More<\/span><\/a><\/div><\/div><\/div>\n\n<div class=\"wp-block-uagb-container uagb-block-b71cd19e alignfull uagb-is-root-container\"><div class=\"uagb-container-inner-blocks-wrap\"><\/div><\/div><\/div><\/div><\/div><\/div><div class=\"swiper-button-prev\"><\/div><div class=\"swiper-button-next\"><\/div><\/div><p><\/p><div class=\"wp-block-uagb-advanced-heading uagb-block-be0e3af7\"><h2 class=\"uagb-heading-text\">Booking Your Stay with Us is Easy<\/h2><\/div><div class=\"mphb_sc_search-wrapper is-style-horizontal-form\">\n<form method=\"GET\" class=\"mphb_sc_search-form\" action=\"https:\/\/siennahotel.pt\/en\/booking\/\" data-first_available_check_in_date=\"2026-05-02\" data-trp-original-action=\"https:\/\/siennahotel.pt\/en\/booking\/\">\n\n\t<p class = \"mphb-required-fields-tip\">\n\t<small>\n\t\tRequired fields are followed by\t\t<abbr title=\"required\">*<\/abbr>\n\t<\/small>\n<\/p>\n\n\t<p class=\"mphb_sc_search-check-in-date\">\n\t\t<label for=\"mphb_check_in_date-mphb-search-form-69f59e1064934\">\n\t\t\tCheck-in\t\t\t<abbr title=\"Formatted as dd\/mm\/yyyy\">*<\/abbr>\n\t\t<\/label>\n\t\t<br \/>\n\t\t<input\n\t\t\tid=\"mphb_check_in_date-mphb-search-form-69f59e1064934\"\n\t\t\tdata-datepick-group=\"mphb-search-form-69f59e1064934\"\n\t\t\tvalue=\"\"\n\t\t\tplaceholder=\"Check-in Date\"\n\t\t\trequired=\"required\"\n\t\t\ttype=\"text\"\n\t\t\tinputmode=\"none\"\n\t\t\tname=\"mphb_check_in_date\"\n\t\t\tclass=\"mphb-datepick\"\n\t\t\tautocomplete=\"off\"\n\t\t\t\/>\n\t<\/p>\n\n\t<p class=\"mphb_sc_search-check-out-date\">\n\t\t<label for=\"mphb_check_out_date-mphb-search-form-69f59e1064934\">\n\t\t\tCheck-out\t\t\t<abbr title=\"Formatted as dd\/mm\/yyyy\">*<\/abbr>\n\t\t<\/label>\n\t\t<br \/>\n\t\t<input\n\t\t\tid=\"mphb_check_out_date-mphb-search-form-69f59e1064934\"\n\t\t\tdata-datepick-group=\"mphb-search-form-69f59e1064934\"\n\t\t\tvalue=\"\"\n\t\t\tplaceholder=\"Check-out Date\"\n\t\t\trequired=\"required\"\n\t\t\ttype=\"text\"\n\t\t\tinputmode=\"none\"\n\t\t\tname=\"mphb_check_out_date\"\n\t\t\tclass=\"mphb-datepick\"\n\t\t\tautocomplete=\"off\"\n\t\t\t\/>\n\t<\/p>\n\n\t\t\t<p class=\"mphb_sc_search-adults\">\n\t\t\t<label for=\"mphb_adults-mphb-search-form-69f59e1064934\">\n\t\t\t\tGuests\t\t\t<\/label>\n\t\t\t<br \/>\n\t\t\t<select id=\"mphb_adults-mphb-search-form-69f59e1064934\" name=\"mphb_adults\" >\n\t\t\t\t\t\t\t\t\t<option value=\"1\"  selected='selected'>1<\/option>\n\t\t\t\t\t\t\t\t\t<option value=\"2\" >2<\/option>\n\t\t\t\t\t\t\t\t\t<option value=\"3\" >3<\/option>\n\t\t\t\t\t\t\t\t\t<option value=\"4\" >4<\/option>\n\t\t\t\t\t\t\t\t\t<option value=\"5\" >5<\/option>\n\t\t\t\t\t\t\t<\/select>\n\t\t<\/p>\n\t\n\t\t\t<input type=\"hidden\" id=\"mphb_children-mphb-search-form-69f59e1064934\" name=\"mphb_children\" value=\"0\" \/>\n\t\n\t\n\t\n\t<input id=\"mphb_check_in_date-mphb-search-form-69f59e1064934-hidden\" value=\"\" type=\"hidden\" name=\"mphb_check_in_date\" \/><input id=\"mphb_check_out_date-mphb-search-form-69f59e1064934-hidden\" value=\"\" type=\"hidden\" name=\"mphb_check_out_date\" \/>\n\t<p class=\"mphb_sc_search-submit-button-wrapper\">\n\t\t<input type=\"submit\" class=\"button\" value=\"Search\"\/>\n\t<\/p>\n\n\t\n<input type=\"hidden\" name=\"trp-form-language\" value=\"en\"\/><\/form>\n<\/div><p><\/p>","protected":false},"excerpt":{"rendered":"<p>A Connection with Nature and History Situated next to the majestic Serra dos Candeeiros, the SIENNA Hotel is a perfect haven for nature lovers. The limestone formations and breathtaking views provide an ideal setting for walks and moments of contemplation, where you can enjoy the splendid hiking trails. At the foot of the Serra [...]<\/p>","protected":false},"author":1,"featured_media":0,"parent":0,"menu_order":0,"comment_status":"closed","ping_status":"closed","template":"","meta":{"_uag_custom_page_level_css":"","_monsterinsights_skip_tracking":false,"_monsterinsights_sitenote_active":false,"_monsterinsights_sitenote_note":"","_monsterinsights_sitenote_category":0,"site-sidebar-layout":"default","site-content-layout":"","ast-site-content-layout":"default","site-content-style":"default","site-sidebar-style":"default","ast-global-header-display":"","ast-banner-title-visibility":"","ast-main-header-display":"","ast-hfb-above-header-display":"","ast-hfb-below-header-display":"","ast-hfb-mobile-header-display":"","site-post-title":"disabled","ast-breadcrumbs-content":"","ast-featured-img":"","footer-sml-layout":"","theme-transparent-header-meta":"","adv-header-id-meta":"","stick-header-meta":"","header-above-stick-meta":"","header-main-stick-meta":"","header-below-stick-meta":"","astra-migrate-meta-layouts":"set","ast-page-background-enabled":"default","ast-page-background-meta":{"desktop":{"background-color":"","background-image":"","background-repeat":"repeat","background-position":"center center","background-size":"auto","background-attachment":"scroll","background-type":"","background-media":"","overlay-type":"","overlay-color":"","overlay-opacity":"","overlay-gradient":""},"tablet":{"background-color":"","background-image":"","background-repeat":"repeat","background-position":"center center","background-size":"auto","background-attachment":"scroll","background-type":"","background-media":"","overlay-type":"","overlay-color":"","overlay-opacity":"","overlay-gradient":""},"mobile":{"background-color":"","background-image":"","background-repeat":"repeat","background-position":"center center","background-size":"auto","background-attachment":"scroll","background-type":"","background-media":"","overlay-type":"","overlay-color":"","overlay-opacity":"","overlay-gradient":""}},"ast-content-background-meta":{"desktop":{"background-color":"var(--ast-global-color-5)","background-image":"","background-repeat":"repeat","background-position":"center center","background-size":"auto","background-attachment":"scroll","background-type":"","background-media":"","overlay-type":"","overlay-color":"","overlay-opacity":"","overlay-gradient":""},"tablet":{"background-color":"var(--ast-global-color-5)","background-image":"","background-repeat":"repeat","background-position":"center center","background-size":"auto","background-attachment":"scroll","background-type":"","background-media":"","overlay-type":"","overlay-color":"","overlay-opacity":"","overlay-gradient":""},"mobile":{"background-color":"var(--ast-global-color-5)","background-image":"","background-repeat":"repeat","background-position":"center center","background-size":"auto","background-attachment":"scroll","background-type":"","background-media":"","overlay-type":"","overlay-color":"","overlay-opacity":"","overlay-gradient":""}},"footnotes":""},"class_list":["post-775","page","type-page","status-publish","hentry"],"aioseo_notices":[],"uagb_featured_image_src":{"full":false,"thumbnail":false,"medium":false,"medium_large":false,"large":false,"1536x1536":false,"2048x2048":false,"trp-custom-language-flag":false,"mailpoet_newsletter_max":false,"woocommerce_thumbnail":false,"woocommerce_single":false,"woocommerce_gallery_thumbnail":false},"uagb_author_info":{"display_name":false,"author_link":"https:\/\/siennahotel.pt\/en\/author\/bitzone\/"},"uagb_comment_info":0,"uagb_excerpt":"Uma Conex\u00e3o com a Natureza e a Hist\u00f3ria Situado pr\u00f3ximo \u00e0 majestosa Serra dos Candeeiros, o SIENNA Hotel \u00e9 um ref\u00fagio perfeito para os amantes da natureza. As forma\u00e7\u00f5es calc\u00e1rias e as vistas deslumbrantes proporcionam um cen\u00e1rio ideal para caminhadas e momentos de contempla\u00e7\u00e3o, onde pode disfrutar dos espl\u00eandidos percursos pedestres. No sop\u00e9 da Serra&hellip;","jetpack_sharing_enabled":true,"_links":{"self":[{"href":"https:\/\/siennahotel.pt\/en\/wp-json\/wp\/v2\/pages\/775","targetHints":{"allow":["GET"]}}],"collection":[{"href":"https:\/\/siennahotel.pt\/en\/wp-json\/wp\/v2\/pages"}],"about":[{"href":"https:\/\/siennahotel.pt\/en\/wp-json\/wp\/v2\/types\/page"}],"author":[{"embeddable":true,"href":"https:\/\/siennahotel.pt\/en\/wp-json\/wp\/v2\/users\/1"}],"replies":[{"embeddable":true,"href":"https:\/\/siennahotel.pt\/en\/wp-json\/wp\/v2\/comments?post=775"}],"version-history":[{"count":18,"href":"https:\/\/siennahotel.pt\/en\/wp-json\/wp\/v2\/pages\/775\/revisions"}],"predecessor-version":[{"id":1478,"href":"https:\/\/siennahotel.pt\/en\/wp-json\/wp\/v2\/pages\/775\/revisions\/1478"}],"wp:attachment":[{"href":"https:\/\/siennahotel.pt\/en\/wp-json\/wp\/v2\/media?parent=775"}],"curies":[{"name":"wp","href":"https:\/\/api.w.org\/{rel}","templated":true}]}}